{"id":3968,"date":"2023-03-25T12:02:38","date_gmt":"2023-03-25T12:02:38","guid":{"rendered":"https:\/\/tecnologia.vamtam.com\/?page_id=3968"},"modified":"2025-06-17T13:59:23","modified_gmt":"2025-06-17T13:59:23","slug":"selen-sisman-yazici","status":"publish","type":"page","link":"https:\/\/alagan.tech\/fr\/ekibimiz\/selen-sisman-yazici\/","title":{"rendered":"Selen \u015ei\u015fmanyaz\u0131c\u0131"},"content":{"rendered":"<div data-elementor-type=\"wp-page\" data-elementor-id=\"3968\" class=\"elementor elementor-3968\" data-elementor-post-type=\"page\">\n\t\t\t\t\t\t<section class=\"elementor-section elementor-top-section elementor-element elementor-element-282f8016 elementor-section-full_width elementor-section-height-default elementor-section-height-default\" data-id=\"282f8016\" data-element_type=\"section\">\n\t\t\t\t\t\t<div class=\"elementor-container elementor-column-gap-no\">\n\t\t\t\t\t<div class=\"elementor-column elementor-col-100 elementor-top-column elementor-element elementor-element-1d8e7f05\" data-id=\"1d8e7f05\" data-element_type=\"column\">\n\t\t\t<div class=\"elementor-widget-wrap elementor-element-populated\">\n\t\t\t\t\t\t<div class=\"elementor-element elementor-element-58f8d540 elementor-widget elementor-widget-text-editor\" data-id=\"58f8d540\" data-element_type=\"widget\" data-widget_type=\"text-editor.default\">\n\t\t\t\t<div class=\"elementor-widget-container\">\n\t\t\t\t\t\t\t\t\t<p data-start=\"0\" data-end=\"143\"><strong data-start=\"0\" data-end=\"143\">Associ\u00e9e G\u00e9rante, Alagan Tech | Fondatrice, T-Platform | Experte en Apr\u00e8s-Vente et March\u00e9 de l'Automobile | Entrepreneure | Consultante<\/strong><\/p><p data-start=\"145\" data-end=\"688\">Selen Sismanyazici est une dirigeante dynamique et une entrepreneure avec 27 ans d'exp\u00e9rience dans le secteur de l'apr\u00e8s-vente automobile, sp\u00e9cialis\u00e9e dans les pi\u00e8ces d\u00e9tach\u00e9es, les accessoires, la vente de services, le d\u00e9veloppement commercial, l'approvisionnement et la digitalisation. En tant que fondatrice de T-Platform, une entreprise bas\u00e9e \u00e0 Duba\u00ef, aux \u00c9mirats arabes unis, cr\u00e9\u00e9e pour r\u00e9pondre \u00e0 la demande croissante de solutions de marque priv\u00e9e et OEM\/aftermarket, Selen a dirig\u00e9 des strat\u00e9gies innovantes visant \u00e0 am\u00e9liorer la rentabilit\u00e9 des clients et leur pr\u00e9sence sur le march\u00e9, en particulier dans la r\u00e9gion du Moyen-Orient et de l'Afrique (MEA).<\/p><p data-start=\"690\" data-end=\"1236\">Forte d\u2019un parcours \u00e9prouv\u00e9 dans la croissance du chiffre d\u2019affaires, le d\u00e9veloppement de marques de renomm\u00e9e mondiale et la constitution d\u2019\u00e9quipes performantes, Selen allie vision strat\u00e9gique et excellence op\u00e9rationnelle. Depuis le lancement de T-Platform en 2022, elle s\u2019est concentr\u00e9e sur la fourniture de services sur mesure pour les entreprises de taille moyenne et grande, en tirant parti de cha\u00eenes d\u2019approvisionnement directes et de strat\u00e9gies internes pour optimiser la rentabilit\u00e9. Son parcours entrepreneurial comprend le lancement r\u00e9ussi de plusieurs projets dans la r\u00e9gion MEA, d\u00e9montrant sa capacit\u00e9 \u00e0 transformer une vision en r\u00e9sultats concrets et percutants.<\/p><p data-start=\"1238\" data-end=\"1922\">La carri\u00e8re de Selen est marqu\u00e9e par 30 ans de r\u00e9alisations r\u00e9ussies dans le secteur automobile, o\u00f9 elle s\u2019est impos\u00e9e comme une leader engag\u00e9e, forte et orient\u00e9e vers les r\u00e9sultats. Son approche ax\u00e9e sur la mission a constamment produit des r\u00e9sultats mesurables, lui valant des qualificatifs tels que \u00ab challenger \u00bb, \u00ab leader \u00bb et \u00ab g\u00e9n\u00e9ratrice de profit \u00bb de la part de ses pairs et coll\u00e8gues. Avant de fonder T-Platform, Selen a occup\u00e9 des postes cl\u00e9s dans des environnements corporatifs, notamment chez Stellantis et Renault-Nissan-Mitsubishi, o\u00f9 elle a collabor\u00e9 \u00e0 des projets de transformation ayant renforc\u00e9 son expertise dans les op\u00e9rations d\u2019apr\u00e8s-vente et aftermarket. Elle est titulaire d\u2019un Master, compl\u00e9t\u00e9 par 27 ann\u00e9es d\u2019exp\u00e9rience pratique.<\/p><p data-start=\"1924\" data-end=\"2332\">Au-del\u00e0 de ses r\u00e9ussites professionnelles, Selen est une fervente d\u00e9fenseuse de l\u2019autonomisation des femmes, assumant pleinement ses multiples r\u00f4les de m\u00e8re, de leader et d\u2019entrepreneure. Elle s\u2019engage activement \u00e0 promouvoir des environnements inclusifs, comme en t\u00e9moignent son soutien et sa participation \u00e0 des initiatives visant \u00e0 valoriser les femmes dans le monde des affaires. La capacit\u00e9 de Selen \u00e0 concilier r\u00e9ussite professionnelle et engagement personnel refl\u00e8te son style de leadership unique, faisant d\u2019elle un mod\u00e8le pour les entrepreneurs en devenir.<\/p><p data-start=\"2334\" data-end=\"2632\" data-is-last-node=\"\" data-is-only-node=\"\">Selen entretient un lien profond avec la r\u00e9gion MEA, o\u00f9 elle continue d\u2019\u00e9largir la pr\u00e9sence de T-Platform en offrant des services strat\u00e9giques aux clients souhaitant entrer sur ce march\u00e9 dynamique ou y d\u00e9velopper leurs activit\u00e9s. Ces services ne se limitent pas uniquement au secteur automobile, mais incluent \u00e9galement des solutions compl\u00e8tes allant de la cr\u00e9ation d\u2019entreprise (de A \u00e0 Z) aux services d\u2019int\u00e9gration pour les soci\u00e9t\u00e9s et les particuliers.<\/p><p data-start=\"2334\" data-end=\"2632\" data-is-last-node=\"\" data-is-only-node=\"\">\u0130leti\u015fim veya i\u015f birli\u011fi talepleriniz i\u00e7in Selen Han\u0131m\u2019a <strong data-start=\"57\" data-end=\"81\"><a class=\"cursor-pointer\" rel=\"noopener\" data-start=\"59\" data-end=\"79\" data-is-only-node=\"\">selen@t-platform.com<\/a><\/strong> e-posta adresinden, <strong data-start=\"102\" data-end=\"129\">telefon: 00971528497766<\/strong> veya <strong data-start=\"135\" data-end=\"163\">WhatsApp: 00905306808606<\/strong> numaralar\u0131 \u00fczerinden ula\u015fabilirsiniz.<\/p>\t\t\t\t\t\t\t\t<\/div>\n\t\t\t\t<\/div>\n\t\t\t\t\t<\/div>\n\t\t<\/div>\n\t\t\t\t\t<\/div>\n\t\t<\/section>\n\t\t\t\t<\/div>","protected":false},"excerpt":{"rendered":"<p>Associ\u00e9 G\u00e9rant<\/p>","protected":false},"author":1,"featured_media":989713,"parent":1295,"menu_order":0,"comment_status":"closed","ping_status":"closed","template":"","meta":{"footnotes":""},"class_list":["post-3968","page","type-page","status-publish","has-post-thumbnail","hentry"],"_links":{"self":[{"href":"https:\/\/alagan.tech\/fr\/wp-json\/wp\/v2\/pages\/3968","targetHints":{"allow":["GET"]}}],"collection":[{"href":"https:\/\/alagan.tech\/fr\/wp-json\/wp\/v2\/pages"}],"about":[{"href":"https:\/\/alagan.tech\/fr\/wp-json\/wp\/v2\/types\/page"}],"author":[{"embeddable":true,"href":"https:\/\/alagan.tech\/fr\/wp-json\/wp\/v2\/users\/1"}],"replies":[{"embeddable":true,"href":"https:\/\/alagan.tech\/fr\/wp-json\/wp\/v2\/comments?post=3968"}],"version-history":[{"count":24,"href":"https:\/\/alagan.tech\/fr\/wp-json\/wp\/v2\/pages\/3968\/revisions"}],"predecessor-version":[{"id":989725,"href":"https:\/\/alagan.tech\/fr\/wp-json\/wp\/v2\/pages\/3968\/revisions\/989725"}],"up":[{"embeddable":true,"href":"https:\/\/alagan.tech\/fr\/wp-json\/wp\/v2\/pages\/1295"}],"wp:featuredmedia":[{"embeddable":true,"href":"https:\/\/alagan.tech\/fr\/wp-json\/wp\/v2\/media\/989713"}],"wp:attachment":[{"href":"https:\/\/alagan.tech\/fr\/wp-json\/wp\/v2\/media?parent=3968"}],"curies":[{"name":"wp","href":"https:\/\/api.w.org\/{rel}","templated":true}]}}